{"id":977,"date":"2026-08-10T16:08:24","date_gmt":"2026-08-10T14:08:24","guid":{"rendered":"https:\/\/lizingelek.hu\/?page_id=977"},"modified":"2026-08-10T16:16:37","modified_gmt":"2026-08-10T14:16:37","slug":"auto-id-3","status":"publish","type":"page","link":"https:\/\/lizingelek.hu\/de\/auto-id-3\/","title":{"rendered":"Aut\u00f3 &#8211; ID.3"},"content":{"rendered":"<div data-elementor-type=\"wp-page\" data-elementor-id=\"977\" class=\"elementor elementor-977\" data-elementor-post-type=\"page\">\n\t\t\t\t<div class=\"elementor-element elementor-element-3277136b e-con-full e-flex e-con e-parent\" data-id=\"3277136b\" data-element_type=\"container\" data-e-type=\"container\" data-settings=\"{&quot;background_background&quot;:&quot;classic&quot;}\">\n\t\t<div class=\"elementor-element elementor-element-18f38e9b e-con-full e-flex e-con e-child\" data-id=\"18f38e9b\" data-element_type=\"container\" data-e-type=\"container\" data-settings=\"{&quot;background_background&quot;:&quot;classic&quot;}\">\n\t\t\t\t<div class=\"elementor-element elementor-element-13038ec1 elementor-widget elementor-widget-heading\" data-id=\"13038ec1\" data-element_type=\"widget\" data-e-type=\"widget\" data-widget_type=\"heading.default\">\n\t\t\t\t\t<span class=\"elementor-heading-title elementor-size-default\">Aut\u00f3k<\/span>\t\t\t\t<\/div>\n\t\t\t\t<div class=\"elementor-element elementor-element-5e1a6b73 elementor-widget elementor-widget-heading\" data-id=\"5e1a6b73\" data-element_type=\"widget\" data-e-type=\"widget\" data-widget_type=\"heading.default\">\n\t\t\t\t\t<h1 class=\"elementor-heading-title elementor-size-default\">ID.3<\/h1>\t\t\t\t<\/div>\n\t\t\t\t<div class=\"elementor-element elementor-element-472de1f7 elementor-widget elementor-widget-text-editor\" data-id=\"472de1f7\" data-element_type=\"widget\" data-e-type=\"widget\" data-widget_type=\"text-editor.default\">\n\t\t\t\t\t\t\t\t\t<p>A Volkswagen ID.3 aut\u00f3ja a kompakt diz\u00e1jn \u00e9s a j\u00f6v\u0151be mutat\u00f3 elektromos teljes\u00edtm\u00e9ny t\u00f6k\u00e9letes \u00f6tv\u00f6zete.<\/p>\t\t\t\t\t\t\t\t<\/div>\n\t\t\t\t<\/div>\n\t\t<div class=\"elementor-element elementor-element-cc8f4a6 e-con-full e-flex e-con e-child\" data-id=\"cc8f4a6\" data-element_type=\"container\" data-e-type=\"container\" data-settings=\"{&quot;background_background&quot;:&quot;classic&quot;}\">\n\t\t\t\t<\/div>\n\t\t\t\t<\/div>\n\t\t<div class=\"elementor-element elementor-element-6c9c5bb e-con e-atomic-element e-flexbox-base e-7f83b14\" data-id=\"6c9c5bb\" data-element_type=\"e-flexbox\" data-e-type=\"e-flexbox\" data-interaction-id=\"6c9c5bb\">\n    <div class=\"elementor-element elementor-element-a068203 e-flex e-con-boxed e-con e-parent\" data-id=\"a068203\" data-element_type=\"container\" data-e-type=\"container\">\n\t\t\t\t\t<div class=\"e-con-inner\">\n\t\t<div class=\"elementor-element elementor-element-4628f76 e-con-full e-flex e-con e-child\" data-id=\"4628f76\" data-element_type=\"container\" data-e-type=\"container\">\n\t\t\t\t<div class=\"elementor-element elementor-element-369b191 elementor-widget elementor-widget-image\" data-id=\"369b191\" data-element_type=\"widget\" data-e-type=\"widget\" data-widget_type=\"image.default\">\n\t\t\t\t\t\t\t\t\t\t\t\t\t\t\t<img fetchpriority=\"high\" decoding=\"async\" width=\"864\" height=\"576\" src=\"https:\/\/lizingelek.hu\/wp-content\/uploads\/2026\/08\/vw-id3-7-3x2-864x576-1.webp\" class=\"attachment-full size-full wp-image-974\" alt=\"\" srcset=\"https:\/\/lizingelek.hu\/wp-content\/uploads\/2026\/08\/vw-id3-7-3x2-864x576-1.webp 864w, https:\/\/lizingelek.hu\/wp-content\/uploads\/2026\/08\/vw-id3-7-3x2-864x576-1-300x200.webp 300w, https:\/\/lizingelek.hu\/wp-content\/uploads\/2026\/08\/vw-id3-7-3x2-864x576-1-768x512.webp 768w, https:\/\/lizingelek.hu\/wp-content\/uploads\/2026\/08\/vw-id3-7-3x2-864x576-1-18x12.webp 18w\" sizes=\"(max-width: 864px) 100vw, 864px\" \/>\t\t\t\t\t\t\t\t\t\t\t\t\t\t\t<\/div>\n\t\t\t\t<\/div>\n\t\t<div class=\"elementor-element elementor-element-dd75dc2 e-con-full e-flex e-con e-child\" data-id=\"dd75dc2\" data-element_type=\"container\" data-e-type=\"container\">\n\t\t\t\t<div class=\"elementor-element elementor-element-ac4f030 elementor-widget elementor-widget-heading\" data-id=\"ac4f030\" data-element_type=\"widget\" data-e-type=\"widget\" data-widget_type=\"heading.default\">\n\t\t\t\t\t<h2 class=\"elementor-heading-title elementor-size-default\">Az elektromobilit\u00e1s evol\u00faci\u00f3ja.<\/h2>\t\t\t\t<\/div>\n\t\t\t\t<div class=\"elementor-element elementor-element-4aa17da elementor-widget elementor-widget-text-editor\" data-id=\"4aa17da\" data-element_type=\"widget\" data-e-type=\"widget\" data-widget_type=\"text-editor.default\">\n\t\t\t\t\t\t\t\t\t<p>Az ID.3 modellel a Volkswagen tov\u00e1bb folytatja \u00fatj\u00e1t az e-mobilit\u00e1s vil\u00e1g\u00e1ban. A letisztult vonalvezet\u00e9snek k\u00f6sz\u00f6nhet\u0151en az ID.3 k\u00edv\u00fclr\u0151l \u00e9rett arculatot sug\u00e1roz, bel\u00fclr\u0151l pedig a min\u0151s\u00e9gi anyagok \u00e9s az alapfelszerelts\u00e9g r\u00e9sz\u00e9t k\u00e9pez\u0151 sz\u00e1mtalan asszisztensrendszer ny\u0171g\u00f6z le.<\/p>\t\t\t\t\t\t\t\t<\/div>\n\t\t\t\t<\/div>\n\t\t\t\t\t<\/div>\n\t\t\t\t<\/div>\n\t\t\n<\/div>\n<div class=\"elementor-element elementor-element-91030d7 e-con e-atomic-element e-flexbox-base e-91030d7-8e13e46\" data-id=\"91030d7\" data-element_type=\"e-flexbox\" data-e-type=\"e-flexbox\" data-interaction-id=\"91030d7\">\n    <div class=\"elementor-element elementor-element-c84693a e-flex e-con-boxed e-con e-parent\" data-id=\"c84693a\" data-element_type=\"container\" data-e-type=\"container\">\n\t\t\t\t\t<div class=\"e-con-inner\">\n\t\t<div class=\"elementor-element elementor-element-68a450b e-con-full e-flex e-con e-child\" data-id=\"68a450b\" data-element_type=\"container\" data-e-type=\"container\">\n\t\t\t\t<div class=\"elementor-element elementor-element-ac451c9 elementor-widget elementor-widget-heading\" data-id=\"ac451c9\" data-element_type=\"widget\" data-e-type=\"widget\" data-widget_type=\"heading.default\">\n\t\t\t\t\t<h2 class=\"elementor-heading-title elementor-size-default\">A j\u00f3 is lehet m\u00e9g jobb.<\/h2>\t\t\t\t<\/div>\n\t\t\t\t<div class=\"elementor-element elementor-element-4b30851 elementor-widget elementor-widget-text-editor\" data-id=\"4b30851\" data-element_type=\"widget\" data-e-type=\"widget\" data-widget_type=\"text-editor.default\">\n\t\t\t\t\t\t\t\t\t<p>A teljesen elektromos platform alap\u00fa kialak\u00edt\u00e1s k\u00fcl\u00f6nleges, egyedi \u00e9s sportos megjelen\u00e9st teremt. Az els\u0151 r\u00e9sz dekor\u00e1ci\u00f3s elemei, a h\u00e1ts\u00f3 spoiler \u00e9s a tov\u00e1bbi design-elemek is \u00e9pp\u00fagy az optim\u00e1lis l\u00e9gellen\u00e1ll\u00e1st szolg\u00e1lj\u00e1k, mint az \u00e1ramvonalas karossz\u00e9ria.<\/p>\t\t\t\t\t\t\t\t<\/div>\n\t\t\t\t<\/div>\n\t\t<div class=\"elementor-element elementor-element-8d492d1 e-con-full e-flex e-con e-child\" data-id=\"8d492d1\" data-element_type=\"container\" data-e-type=\"container\">\n\t\t\t\t<div class=\"elementor-element elementor-element-917cab9 elementor-widget elementor-widget-image\" data-id=\"917cab9\" data-element_type=\"widget\" data-e-type=\"widget\" data-widget_type=\"image.default\">\n\t\t\t\t\t\t\t\t\t\t\t\t\t\t\t<img decoding=\"async\" width=\"864\" height=\"576\" src=\"https:\/\/lizingelek.hu\/wp-content\/uploads\/2026\/08\/vw-id3-5-3x2-864x576-1.webp\" class=\"attachment-full size-full wp-image-976\" alt=\"\" srcset=\"https:\/\/lizingelek.hu\/wp-content\/uploads\/2026\/08\/vw-id3-5-3x2-864x576-1.webp 864w, https:\/\/lizingelek.hu\/wp-content\/uploads\/2026\/08\/vw-id3-5-3x2-864x576-1-300x200.webp 300w, https:\/\/lizingelek.hu\/wp-content\/uploads\/2026\/08\/vw-id3-5-3x2-864x576-1-768x512.webp 768w, https:\/\/lizingelek.hu\/wp-content\/uploads\/2026\/08\/vw-id3-5-3x2-864x576-1-18x12.webp 18w\" sizes=\"(max-width: 864px) 100vw, 864px\" \/>\t\t\t\t\t\t\t\t\t\t\t\t\t\t\t<\/div>\n\t\t\t\t<\/div>\n\t\t\t\t\t<\/div>\n\t\t\t\t<\/div>\n\t\t\n<\/div>\n<div class=\"elementor-element elementor-element-76ce0c8 e-con e-atomic-element e-flexbox-base e-76ce0c8-1af6a5f\" data-id=\"76ce0c8\" data-element_type=\"e-flexbox\" data-e-type=\"e-flexbox\" data-interaction-id=\"76ce0c8\">\n    <div class=\"elementor-element elementor-element-9996aff e-flex e-con-boxed e-con e-parent\" data-id=\"9996aff\" data-element_type=\"container\" data-e-type=\"container\">\n\t\t\t\t\t<div class=\"e-con-inner\">\n\t\t<div class=\"elementor-element elementor-element-5c9f256 e-con-full e-flex e-con e-child\" data-id=\"5c9f256\" data-element_type=\"container\" data-e-type=\"container\">\n\t\t\t\t<div class=\"elementor-element elementor-element-c8a3c54 elementor-align-center elementor-widget elementor-widget-global elementor-global-866 elementor-widget-button\" data-id=\"c8a3c54\" data-element_type=\"widget\" data-e-type=\"widget\" data-widget_type=\"button.default\">\n\t\t\t\t\t\t\t\t\t\t<a class=\"elementor-button elementor-button-link elementor-size-sm\" href=\"https:\/\/lizingelek.hu\/de\/kapcsolat\/\">\n\t\t\t\t\t\t<span class=\"elementor-button-content-wrapper\">\n\t\t\t\t\t\t\t\t\t<span class=\"elementor-button-text\">\u00c9rdekel!<\/span>\n\t\t\t\t\t<\/span>\n\t\t\t\t\t<\/a>\n\t\t\t\t\t\t\t\t<\/div>\n\t\t\t\t<\/div>\n\t\t\t\t\t<\/div>\n\t\t\t\t<\/div>\n\t\t\n<\/div>\n\t\t<\/div>","protected":false},"excerpt":{"rendered":"<p>Aut\u00f3k ID.3 A Volkswagen ID.3 aut\u00f3ja a kompakt diz\u00e1jn \u00e9s a j\u00f6v\u0151be mutat\u00f3 elektromos teljes\u00edtm\u00e9ny t\u00f6k\u00e9letes \u00f6tv\u00f6zete. Az elektromobilit\u00e1s evol\u00faci\u00f3ja. Az ID.3 modellel a Volkswagen tov\u00e1bb folytatja \u00fatj\u00e1t az e-mobilit\u00e1s vil\u00e1g\u00e1ban. A letisztult vonalvezet\u00e9snek k\u00f6sz\u00f6nhet\u0151en az ID.3 k\u00edv\u00fclr\u0151l \u00e9rett arculatot sug\u00e1roz, bel\u00fclr\u0151l pedig a min\u0151s\u00e9gi anyagok \u00e9s az alapfelszerelts\u00e9g r\u00e9sz\u00e9t k\u00e9pez\u0151 sz\u00e1mtalan asszisztensrendszer ny\u0171g\u00f6z le. [&hellip;]<\/p>\n","protected":false},"author":3,"featured_media":0,"parent":0,"menu_order":0,"comment_status":"closed","ping_status":"closed","template":"","meta":{"inline_featured_image":false,"footnotes":""},"class_list":["post-977","page","type-page","status-publish","hentry"],"yoast_head":"<!-- This site is optimized with the Yoast SEO Premium plugin v28.1 (Yoast SEO v28.1) - https:\/\/yoast.com\/product\/yoast-seo-premium-wordpress\/ -->\n<title>Aut\u00f3 - ID.3 - L\u00edzing Elek Kft.<\/title>\n<meta name=\"robots\" content=\"index, follow, max-snippet:-1, max-image-preview:large, max-video-preview:-1\" \/>\n<link rel=\"canonical\" href=\"https:\/\/lizingelek.hu\/de\/auto-id-3\/\" \/>\n<meta property=\"og:locale\" content=\"de_DE\" \/>\n<meta property=\"og:type\" content=\"article\" \/>\n<meta property=\"og:title\" content=\"Aut\u00f3 - ID.3\" \/>\n<meta property=\"og:description\" content=\"Aut\u00f3k ID.3 A Volkswagen ID.3 aut\u00f3ja a kompakt diz\u00e1jn \u00e9s a j\u00f6v\u0151be mutat\u00f3 elektromos teljes\u00edtm\u00e9ny t\u00f6k\u00e9letes \u00f6tv\u00f6zete. Az elektromobilit\u00e1s evol\u00faci\u00f3ja. Az ID.3 modellel a Volkswagen tov\u00e1bb folytatja \u00fatj\u00e1t az e-mobilit\u00e1s vil\u00e1g\u00e1ban. A letisztult vonalvezet\u00e9snek k\u00f6sz\u00f6nhet\u0151en az ID.3 k\u00edv\u00fclr\u0151l \u00e9rett arculatot sug\u00e1roz, bel\u00fclr\u0151l pedig a min\u0151s\u00e9gi anyagok \u00e9s az alapfelszerelts\u00e9g r\u00e9sz\u00e9t k\u00e9pez\u0151 sz\u00e1mtalan asszisztensrendszer ny\u0171g\u00f6z le. [&hellip;]\" \/>\n<meta property=\"og:url\" content=\"https:\/\/lizingelek.hu\/de\/auto-id-3\/\" \/>\n<meta property=\"og:site_name\" content=\"L\u00edzing Elek Kft.\" \/>\n<meta property=\"article:modified_time\" content=\"2026-08-10T14:16:37+00:00\" \/>\n<meta property=\"og:image\" content=\"https:\/\/lizingelek.hu\/wp-content\/uploads\/2026\/08\/vw-id3-7-3x2-864x576-1.webp\" \/>\n\t<meta property=\"og:image:width\" content=\"864\" \/>\n\t<meta property=\"og:image:height\" content=\"576\" \/>\n\t<meta property=\"og:image:type\" content=\"image\/webp\" \/>\n<meta name=\"twitter:card\" content=\"summary_large_image\" \/>\n<meta name=\"twitter:label1\" content=\"Gesch\u00e4tzte Lesezeit\" \/>\n\t<meta name=\"twitter:data1\" content=\"1\u00a0Minute\" \/>\n<script type=\"application\/ld+json\" class=\"yoast-schema-graph\">{\"@context\":\"https:\\\/\\\/schema.org\",\"@graph\":[{\"@type\":\"WebPage\",\"@id\":\"https:\\\/\\\/lizingelek.hu\\\/auto-id-3\\\/\",\"url\":\"https:\\\/\\\/lizingelek.hu\\\/auto-id-3\\\/\",\"name\":\"Aut\u00f3 - ID.3 - L\u00edzing Elek Kft.\",\"isPartOf\":{\"@id\":\"https:\\\/\\\/lizingelek.hu\\\/#website\"},\"primaryImageOfPage\":{\"@id\":\"https:\\\/\\\/lizingelek.hu\\\/auto-id-3\\\/#primaryimage\"},\"image\":{\"@id\":\"https:\\\/\\\/lizingelek.hu\\\/auto-id-3\\\/#primaryimage\"},\"thumbnailUrl\":\"https:\\\/\\\/lizingelek.hu\\\/wp-content\\\/uploads\\\/2026\\\/08\\\/vw-id3-7-3x2-864x576-1.webp\",\"datePublished\":\"2026-08-10T14:08:24+00:00\",\"dateModified\":\"2026-08-10T14:16:37+00:00\",\"breadcrumb\":{\"@id\":\"https:\\\/\\\/lizingelek.hu\\\/auto-id-3\\\/#breadcrumb\"},\"inLanguage\":\"de\",\"potentialAction\":[{\"@type\":\"ReadAction\",\"target\":[\"https:\\\/\\\/lizingelek.hu\\\/auto-id-3\\\/\"]}]},{\"@type\":\"ImageObject\",\"inLanguage\":\"de\",\"@id\":\"https:\\\/\\\/lizingelek.hu\\\/auto-id-3\\\/#primaryimage\",\"url\":\"https:\\\/\\\/lizingelek.hu\\\/wp-content\\\/uploads\\\/2026\\\/08\\\/vw-id3-7-3x2-864x576-1.webp\",\"contentUrl\":\"https:\\\/\\\/lizingelek.hu\\\/wp-content\\\/uploads\\\/2026\\\/08\\\/vw-id3-7-3x2-864x576-1.webp\"},{\"@type\":\"BreadcrumbList\",\"@id\":\"https:\\\/\\\/lizingelek.hu\\\/auto-id-3\\\/#breadcrumb\",\"itemListElement\":[{\"@type\":\"ListItem\",\"position\":1,\"name\":\"Kezd\u0151lap\",\"item\":\"https:\\\/\\\/lizingelek.hu\\\/\"},{\"@type\":\"ListItem\",\"position\":2,\"name\":\"Aut\u00f3 &#8211; ID.3\"}]},{\"@type\":\"WebSite\",\"@id\":\"https:\\\/\\\/lizingelek.hu\\\/#website\",\"url\":\"https:\\\/\\\/lizingelek.hu\\\/\",\"name\":\"L\u00edzing Elek Kft.\",\"description\":\"\",\"publisher\":{\"@id\":\"https:\\\/\\\/lizingelek.hu\\\/#organization\"},\"potentialAction\":[{\"@type\":\"SearchAction\",\"target\":{\"@type\":\"EntryPoint\",\"urlTemplate\":\"https:\\\/\\\/lizingelek.hu\\\/?s={search_term_string}\"},\"query-input\":{\"@type\":\"PropertyValueSpecification\",\"valueRequired\":true,\"valueName\":\"search_term_string\"}}],\"inLanguage\":\"de\"},{\"@type\":\"Organization\",\"@id\":\"https:\\\/\\\/lizingelek.hu\\\/#organization\",\"name\":\"L\u00edzing Elek Kft.\",\"url\":\"https:\\\/\\\/lizingelek.hu\\\/\",\"logo\":{\"@type\":\"ImageObject\",\"inLanguage\":\"de\",\"@id\":\"https:\\\/\\\/lizingelek.hu\\\/#\\\/schema\\\/logo\\\/image\\\/\",\"url\":\"https:\\\/\\\/lizingelek.hu\\\/wp-content\\\/uploads\\\/2026\\\/08\\\/logo_lizingelek_officelink_io.png\",\"contentUrl\":\"https:\\\/\\\/lizingelek.hu\\\/wp-content\\\/uploads\\\/2026\\\/08\\\/logo_lizingelek_officelink_io.png\",\"width\":1200,\"height\":237,\"caption\":\"L\u00edzing Elek Kft.\"},\"image\":{\"@id\":\"https:\\\/\\\/lizingelek.hu\\\/#\\\/schema\\\/logo\\\/image\\\/\"}}]}<\/script>\n<!-- \/ Yoast SEO Premium plugin. -->","yoast_head_json":{"title":"Aut\u00f3 - ID.3 - L\u00edzing Elek Kft.","robots":{"index":"index","follow":"follow","max-snippet":"max-snippet:-1","max-image-preview":"max-image-preview:large","max-video-preview":"max-video-preview:-1"},"canonical":"https:\/\/lizingelek.hu\/de\/auto-id-3\/","og_locale":"de_DE","og_type":"article","og_title":"Aut\u00f3 - ID.3","og_description":"Aut\u00f3k ID.3 A Volkswagen ID.3 aut\u00f3ja a kompakt diz\u00e1jn \u00e9s a j\u00f6v\u0151be mutat\u00f3 elektromos teljes\u00edtm\u00e9ny t\u00f6k\u00e9letes \u00f6tv\u00f6zete. Az elektromobilit\u00e1s evol\u00faci\u00f3ja. Az ID.3 modellel a Volkswagen tov\u00e1bb folytatja \u00fatj\u00e1t az e-mobilit\u00e1s vil\u00e1g\u00e1ban. A letisztult vonalvezet\u00e9snek k\u00f6sz\u00f6nhet\u0151en az ID.3 k\u00edv\u00fclr\u0151l \u00e9rett arculatot sug\u00e1roz, bel\u00fclr\u0151l pedig a min\u0151s\u00e9gi anyagok \u00e9s az alapfelszerelts\u00e9g r\u00e9sz\u00e9t k\u00e9pez\u0151 sz\u00e1mtalan asszisztensrendszer ny\u0171g\u00f6z le. [&hellip;]","og_url":"https:\/\/lizingelek.hu\/de\/auto-id-3\/","og_site_name":"L\u00edzing Elek Kft.","article_modified_time":"2026-08-10T14:16:37+00:00","og_image":[{"width":864,"height":576,"url":"https:\/\/lizingelek.hu\/wp-content\/uploads\/2026\/08\/vw-id3-7-3x2-864x576-1.webp","type":"image\/webp"}],"twitter_card":"summary_large_image","twitter_misc":{"Gesch\u00e4tzte Lesezeit":"1\u00a0Minute"},"schema":{"@context":"https:\/\/schema.org","@graph":[{"@type":"WebPage","@id":"https:\/\/lizingelek.hu\/auto-id-3\/","url":"https:\/\/lizingelek.hu\/auto-id-3\/","name":"Aut\u00f3 - ID.3 - L\u00edzing Elek Kft.","isPartOf":{"@id":"https:\/\/lizingelek.hu\/#website"},"primaryImageOfPage":{"@id":"https:\/\/lizingelek.hu\/auto-id-3\/#primaryimage"},"image":{"@id":"https:\/\/lizingelek.hu\/auto-id-3\/#primaryimage"},"thumbnailUrl":"https:\/\/lizingelek.hu\/wp-content\/uploads\/2026\/08\/vw-id3-7-3x2-864x576-1.webp","datePublished":"2026-08-10T14:08:24+00:00","dateModified":"2026-08-10T14:16:37+00:00","breadcrumb":{"@id":"https:\/\/lizingelek.hu\/auto-id-3\/#breadcrumb"},"inLanguage":"de","potentialAction":[{"@type":"ReadAction","target":["https:\/\/lizingelek.hu\/auto-id-3\/"]}]},{"@type":"ImageObject","inLanguage":"de","@id":"https:\/\/lizingelek.hu\/auto-id-3\/#primaryimage","url":"https:\/\/lizingelek.hu\/wp-content\/uploads\/2026\/08\/vw-id3-7-3x2-864x576-1.webp","contentUrl":"https:\/\/lizingelek.hu\/wp-content\/uploads\/2026\/08\/vw-id3-7-3x2-864x576-1.webp"},{"@type":"BreadcrumbList","@id":"https:\/\/lizingelek.hu\/auto-id-3\/#breadcrumb","itemListElement":[{"@type":"ListItem","position":1,"name":"Kezd\u0151lap","item":"https:\/\/lizingelek.hu\/"},{"@type":"ListItem","position":2,"name":"Aut\u00f3 &#8211; ID.3"}]},{"@type":"WebSite","@id":"https:\/\/lizingelek.hu\/#website","url":"https:\/\/lizingelek.hu\/","name":"L\u00edzing Elek Kft.","description":"","publisher":{"@id":"https:\/\/lizingelek.hu\/#organization"},"potentialAction":[{"@type":"SearchAction","target":{"@type":"EntryPoint","urlTemplate":"https:\/\/lizingelek.hu\/?s={search_term_string}"},"query-input":{"@type":"PropertyValueSpecification","valueRequired":true,"valueName":"search_term_string"}}],"inLanguage":"de"},{"@type":"Organization","@id":"https:\/\/lizingelek.hu\/#organization","name":"L\u00edzing Elek Kft.","url":"https:\/\/lizingelek.hu\/","logo":{"@type":"ImageObject","inLanguage":"de","@id":"https:\/\/lizingelek.hu\/#\/schema\/logo\/image\/","url":"https:\/\/lizingelek.hu\/wp-content\/uploads\/2026\/08\/logo_lizingelek_officelink_io.png","contentUrl":"https:\/\/lizingelek.hu\/wp-content\/uploads\/2026\/08\/logo_lizingelek_officelink_io.png","width":1200,"height":237,"caption":"L\u00edzing Elek Kft."},"image":{"@id":"https:\/\/lizingelek.hu\/#\/schema\/logo\/image\/"}}]}},"_links":{"self":[{"href":"https:\/\/lizingelek.hu\/de\/wp-json\/wp\/v2\/pages\/977","targetHints":{"allow":["GET"]}}],"collection":[{"href":"https:\/\/lizingelek.hu\/de\/wp-json\/wp\/v2\/pages"}],"about":[{"href":"https:\/\/lizingelek.hu\/de\/wp-json\/wp\/v2\/types\/page"}],"author":[{"embeddable":true,"href":"https:\/\/lizingelek.hu\/de\/wp-json\/wp\/v2\/users\/3"}],"replies":[{"embeddable":true,"href":"https:\/\/lizingelek.hu\/de\/wp-json\/wp\/v2\/comments?post=977"}],"version-history":[{"count":7,"href":"https:\/\/lizingelek.hu\/de\/wp-json\/wp\/v2\/pages\/977\/revisions"}],"predecessor-version":[{"id":985,"href":"https:\/\/lizingelek.hu\/de\/wp-json\/wp\/v2\/pages\/977\/revisions\/985"}],"wp:attachment":[{"href":"https:\/\/lizingelek.hu\/de\/wp-json\/wp\/v2\/media?parent=977"}],"curies":[{"name":"wp","href":"https:\/\/api.w.org\/{rel}","templated":true}]}}